{"id":1543,"date":"2023-02-06T14:29:09","date_gmt":"2023-02-06T13:29:09","guid":{"rendered":"https:\/\/schron.szczecin.pl\/staendige-ausstellungen\/"},"modified":"2026-01-28T15:51:36","modified_gmt":"2026-01-28T14:51:36","slug":"staendige-ausstellungen","status":"publish","type":"page","link":"https:\/\/schron.szczecin.pl\/de\/staendige-ausstellungen\/","title":{"rendered":"ST\u00c4NDIGE AUSSTELLUNGEN"},"content":{"rendered":"\t\t<div data-elementor-type=\"wp-page\" data-elementor-id=\"1543\" class=\"elementor elementor-1543 elementor-653\" data-elementor-post-type=\"page\">\n\t\t\t\t<div class=\"elementor-element elementor-element-8a0475b e-con-full e-flex e-con e-parent\" data-id=\"8a0475b\" data-element_type=\"container\" data-e-type=\"container\" data-settings=\"{&quot;background_background&quot;:&quot;classic&quot;}\">\n\t\t\t\t<div class=\"elementor-element elementor-element-fc698a8 elementor-widget elementor-widget-heading\" data-id=\"fc698a8\" data-element_type=\"widget\" data-e-type=\"widget\" data-widget_type=\"heading.default\">\n\t\t\t\t<div class=\"elementor-widget-container\">\n\t\t\t\t\t<h2 class=\"elementor-heading-title elementor-size-default\">ST\u00c4NDIGE AUSSTELLUNGEN<\/h2>\t\t\t\t<\/div>\n\t\t\t\t<\/div>\n\t\t\t\t<\/div>\n\t\t<div class=\"elementor-element elementor-element-bbca40e e-flex e-con-boxed e-con e-parent\" data-id=\"bbca40e\" data-element_type=\"container\" data-e-type=\"container\" data-settings=\"{&quot;background_background&quot;:&quot;classic&quot;}\">\n\t\t\t\t\t<div class=\"e-con-inner\">\n\t\t<div class=\"elementor-element elementor-element-9715716 e-con-full e-flex e-con e-child\" data-id=\"9715716\" data-element_type=\"container\" data-e-type=\"container\">\n\t\t<div class=\"elementor-element elementor-element-de42a5e e-con-full e-flex elementor-invisible e-con e-child\" data-id=\"de42a5e\" data-element_type=\"container\" data-e-type=\"container\" data-settings=\"{&quot;animation&quot;:&quot;bounceInUp&quot;}\">\n\t\t<div class=\"elementor-element elementor-element-b481fff animated-fast e-con-full e-flex elementor-invisible e-con e-child\" data-id=\"b481fff\" data-element_type=\"container\" data-e-type=\"container\" data-settings=\"{&quot;background_background&quot;:&quot;classic&quot;,&quot;animation&quot;:&quot;fadeInUp&quot;,&quot;animation_delay&quot;:600}\">\n\t\t\t\t<div class=\"elementor-element elementor-element-9dbec9e elementor-view-stacked elementor-shape-square elementor-position-block-start elementor-mobile-position-block-start elementor-widget elementor-widget-icon-box\" data-id=\"9dbec9e\" data-element_type=\"widget\" data-e-type=\"widget\" data-widget_type=\"icon-box.default\">\n\t\t\t\t<div class=\"elementor-widget-container\">\n\t\t\t\t\t\t\t<div class=\"elementor-icon-box-wrapper\">\n\n\t\t\t\t\t\t<div class=\"elementor-icon-box-icon\">\n\t\t\t\t<a href=\"https:\/\/www.google.com\/maps\/place\/Krzysztofa+Kolumba+2,+70-213+Szczecin\/data=!4m2!3m1!1s0x47aa091b5abf99e7:0x24f0d0352f094442?sa=X&#038;ved=2ahUKEwj89o-N3-_8AhXSrIsKHfopAFgQ8gF6BAgdEAI\" class=\"elementor-icon elementor-animation-grow\" tabindex=\"-1\" aria-label=\"Adresse\">\n\t\t\t\t<i aria-hidden=\"true\" class=\"icon icon-map-marker1\"><\/i>\t\t\t\t<\/a>\n\t\t\t<\/div>\n\t\t\t\n\t\t\t\t\t\t<div class=\"elementor-icon-box-content\">\n\n\t\t\t\t\t\t\t\t\t<h5 class=\"elementor-icon-box-title\">\n\t\t\t\t\t\t<a href=\"https:\/\/www.google.com\/maps\/place\/Krzysztofa+Kolumba+2,+70-213+Szczecin\/data=!4m2!3m1!1s0x47aa091b5abf99e7:0x24f0d0352f094442?sa=X&#038;ved=2ahUKEwj89o-N3-_8AhXSrIsKHfopAFgQ8gF6BAgdEAI\" >\n\t\t\t\t\t\t\tAdresse\t\t\t\t\t\t<\/a>\n\t\t\t\t\t<\/h5>\n\t\t\t\t\n\t\t\t\t\t\t\t\t\t<p class=\"elementor-icon-box-description\">\n\t\t\t\t\t\tKolumba 2, Szczecin 70-035 Polen\nHauptbahnhof SZCZECIN G\u0141\u00d3WNY Station, Gleis 1; Eingang durch einen Glasunterstand mit Treppe nach unten. <br>Geldautomaten und Toiletten in der Bahnhofshalle. \n\t\t\t\t\t<\/p>\n\t\t\t\t\n\t\t\t<\/div>\n\t\t\t\n\t\t<\/div>\n\t\t\t\t\t\t<\/div>\n\t\t\t\t<\/div>\n\t\t\t\t<\/div>\n\t\t<div class=\"elementor-element elementor-element-3a0380b e-con-full e-flex elementor-invisible e-con e-child\" data-id=\"3a0380b\" data-element_type=\"container\" data-e-type=\"container\" data-settings=\"{&quot;background_background&quot;:&quot;classic&quot;,&quot;animation&quot;:&quot;fadeInUp&quot;,&quot;animation_delay&quot;:400}\">\n\t\t\t\t<div class=\"elementor-element elementor-element-e37b264 elementor-view-stacked elementor-shape-square elementor-position-block-start elementor-mobile-position-block-start elementor-widget elementor-widget-icon-box\" data-id=\"e37b264\" data-element_type=\"widget\" data-e-type=\"widget\" data-widget_type=\"icon-box.default\">\n\t\t\t\t<div class=\"elementor-widget-container\">\n\t\t\t\t\t\t\t<div class=\"elementor-icon-box-wrapper\">\n\n\t\t\t\t\t\t<div class=\"elementor-icon-box-icon\">\n\t\t\t\t<a href=\"tel:48605433433\" class=\"elementor-icon elementor-animation-grow\" tabindex=\"-1\" aria-label=\"Anrufen \">\n\t\t\t\t<i aria-hidden=\"true\" class=\"icon icon-phone1\"><\/i>\t\t\t\t<\/a>\n\t\t\t<\/div>\n\t\t\t\n\t\t\t\t\t\t<div class=\"elementor-icon-box-content\">\n\n\t\t\t\t\t\t\t\t\t<h5 class=\"elementor-icon-box-title\">\n\t\t\t\t\t\t<a href=\"tel:48605433433\" >\n\t\t\t\t\t\t\tAnrufen \t\t\t\t\t\t<\/a>\n\t\t\t\t\t<\/h5>\n\t\t\t\t\n\t\t\t\t\t\t\t\t\t<p class=\"elementor-icon-box-description\">\n\t\t\t\t\t\t+48 605 433 433\t\t\t\t\t<\/p>\n\t\t\t\t\n\t\t\t<\/div>\n\t\t\t\n\t\t<\/div>\n\t\t\t\t\t\t<\/div>\n\t\t\t\t<\/div>\n\t\t\t\t<\/div>\n\t\t<div class=\"elementor-element elementor-element-fcfbc13 animated-fast e-con-full e-flex elementor-invisible e-con e-child\" data-id=\"fcfbc13\" data-element_type=\"container\" data-e-type=\"container\" data-settings=\"{&quot;background_background&quot;:&quot;classic&quot;,&quot;animation&quot;:&quot;fadeInUp&quot;,&quot;animation_delay&quot;:800}\">\n\t\t\t\t<div class=\"elementor-element elementor-element-186facc elementor-view-stacked elementor-shape-square elementor-position-block-start elementor-mobile-position-block-start elementor-widget elementor-widget-icon-box\" data-id=\"186facc\" data-element_type=\"widget\" data-e-type=\"widget\" data-widget_type=\"icon-box.default\">\n\t\t\t\t<div class=\"elementor-widget-container\">\n\t\t\t\t\t\t\t<div class=\"elementor-icon-box-wrapper\">\n\n\t\t\t\t\t\t<div class=\"elementor-icon-box-icon\">\n\t\t\t\t<a href=\"mailto:info@schron.szczecin.pl\" class=\"elementor-icon elementor-animation-grow\" tabindex=\"-1\" aria-label=\"Schreiben\">\n\t\t\t\t<i aria-hidden=\"true\" class=\"icon icon-contact\"><\/i>\t\t\t\t<\/a>\n\t\t\t<\/div>\n\t\t\t\n\t\t\t\t\t\t<div class=\"elementor-icon-box-content\">\n\n\t\t\t\t\t\t\t\t\t<h5 class=\"elementor-icon-box-title\">\n\t\t\t\t\t\t<a href=\"mailto:info@schron.szczecin.pl\" >\n\t\t\t\t\t\t\tSchreiben\t\t\t\t\t\t<\/a>\n\t\t\t\t\t<\/h5>\n\t\t\t\t\n\t\t\t\t\t\t\t\t\t<p class=\"elementor-icon-box-description\">\n\t\t\t\t\t\tinfo@schron.szczecin.pl\t\t\t\t\t<\/p>\n\t\t\t\t\n\t\t\t<\/div>\n\t\t\t\n\t\t<\/div>\n\t\t\t\t\t\t<\/div>\n\t\t\t\t<\/div>\n\t\t\t\t<\/div>\n\t\t<div class=\"elementor-element elementor-element-8c17111 animated-fast e-con-full e-flex elementor-invisible e-con e-child\" data-id=\"8c17111\" data-element_type=\"container\" data-e-type=\"container\" data-settings=\"{&quot;background_background&quot;:&quot;classic&quot;,&quot;animation&quot;:&quot;fadeInUp&quot;,&quot;animation_delay&quot;:800}\">\n\t\t\t\t<div class=\"elementor-element elementor-element-5a772d9 elementor-view-stacked elementor-shape-square elementor-position-block-start elementor-mobile-position-block-start elementor-widget elementor-widget-icon-box\" data-id=\"5a772d9\" data-element_type=\"widget\" data-e-type=\"widget\" data-widget_type=\"icon-box.default\">\n\t\t\t\t<div class=\"elementor-widget-container\">\n\t\t\t\t\t\t\t<div class=\"elementor-icon-box-wrapper\">\n\n\t\t\t\t\t\t<div class=\"elementor-icon-box-icon\">\n\t\t\t\t<a href=\"mailto:info@schron.szczecin.pl\" class=\"elementor-icon elementor-animation-grow\" tabindex=\"-1\" aria-label=\" \u00d6ffnungszeiten\">\n\t\t\t\t<i aria-hidden=\"true\" class=\"far fa-clock\"><\/i>\t\t\t\t<\/a>\n\t\t\t<\/div>\n\t\t\t\n\t\t\t\t\t\t<div class=\"elementor-icon-box-content\">\n\n\t\t\t\t\t\t\t\t\t<h5 class=\"elementor-icon-box-title\">\n\t\t\t\t\t\t<a href=\"mailto:info@schron.szczecin.pl\" >\n\t\t\t\t\t\t\t \u00d6ffnungszeiten\t\t\t\t\t\t<\/a>\n\t\t\t\t\t<\/h5>\n\t\t\t\t\n\t\t\t\t\t\t\t\t\t<p class=\"elementor-icon-box-description\">\n\t\t\t\t\t\tAktuelle  \u00d6ffnungszeiten finden Sie auf Startseite\t\t\t\t\t<\/p>\n\t\t\t\t\n\t\t\t<\/div>\n\t\t\t\n\t\t<\/div>\n\t\t\t\t\t\t<\/div>\n\t\t\t\t<\/div>\n\t\t\t\t<\/div>\n\t\t\t\t<\/div>\n\t\t\t\t<div class=\"elementor-element elementor-element-b71ecd8 elementor-align-center elementor-widget elementor-widget-button\" data-id=\"b71ecd8\" data-element_type=\"widget\" data-e-type=\"widget\" data-widget_type=\"button.default\">\n\t\t\t\t<div class=\"elementor-widget-container\">\n\t\t\t\t\t\t\t\t\t<div class=\"elementor-button-wrapper\">\n\t\t\t\t\t<a class=\"elementor-button elementor-button-link elementor-size-sm\" href=\"https:\/\/www.youtube.com\/watch?v=KQpZUQMQNdU&#038;t=3s\">\n\t\t\t\t\t\t<span class=\"elementor-button-content-wrapper\">\n\t\t\t\t\t\t\t\t\t<span class=\"elementor-button-text\">\u00dcber uns im Video<\/span>\n\t\t\t\t\t<\/span>\n\t\t\t\t\t<\/a>\n\t\t\t\t<\/div>\n\t\t\t\t\t\t\t\t<\/div>\n\t\t\t\t<\/div>\n\t\t\t\t<\/div>\n\t\t\t\t\t<\/div>\n\t\t\t\t<\/div>\n\t\t<div class=\"elementor-element elementor-element-aee4f66 e-flex e-con-boxed e-con e-parent\" data-id=\"aee4f66\" data-element_type=\"container\" data-e-type=\"container\" data-settings=\"{&quot;background_background&quot;:&quot;classic&quot;}\">\n\t\t\t\t\t<div class=\"e-con-inner\">\n\t\t<div class=\"elementor-element elementor-element-a2b24b7 e-con-full e-flex e-con e-child\" data-id=\"a2b24b7\" data-element_type=\"container\" data-e-type=\"container\">\n\t\t\t\t<div class=\"elementor-element elementor-element-1dee6e2 elementor-widget elementor-widget-heading\" data-id=\"1dee6e2\" data-element_type=\"widget\" data-e-type=\"widget\" data-widget_type=\"heading.default\">\n\t\t\t\t<div class=\"elementor-widget-container\">\n\t\t\t\t\t<h3 class=\"elementor-heading-title elementor-size-default\">Unsere st\u00e4ndigen thematischen Ausstellungen, ihre Autoren und Inhaber der Ausstellungsexponate:<\/h3>\t\t\t\t<\/div>\n\t\t\t\t<\/div>\n\t\t\t\t<div class=\"elementor-element elementor-element-0b8be16 elementor-widget elementor-widget-text-editor\" data-id=\"0b8be16\" data-element_type=\"widget\" data-e-type=\"widget\" data-widget_type=\"text-editor.default\">\n\t\t\t\t<div class=\"elementor-widget-container\">\n\t\t\t\t\t\t\t\t\t<ol>\n<li>\u201ePolnische, norwegische und englische Uniformen der Royal Air Force&#8220; &#8211; Agnieszka Fader und Jerzy Rozpondek<\/li>\n<\/ol>\n<ol start=\"2\">\n<li>\u201eDie polnische Armee im Exil w\u00e4hrend des Zweiten Weltkriegs&#8220; &#8211; Agnieszka Fader und Jerzy Rozpondek<\/li>\n<li>\u201eK\u00e4mpfer f\u00fcr die Unabh\u00e4ngigkeit Polens&#8220; &#8211; Jerzy Rozpondek<\/li>\n<li>\u201eJ\u00f3zef Pi\u0142sudski und seine Soldaten&#8220; &#8211; Jerzy Rozpondek<\/li>\n<li>\u201eDeutsche Flugabwehrraketen&#8220; &#8211; Agnieszka Fader und Miros\u0142aw Hury\u0144<\/li>\n<li>\u201eDeutsche Funde aus dem Zweiten Weltkrieg&#8220; &#8211; Agnieszka Fader und Miros\u0142aw Hury\u0144<\/li>\n<\/ol>\n<ol start=\"7\">\n<li>\u201eDie Geschichte der U-Boote in Stettin&#8220; &#8211; Agnieszka Fader und Jerzy Rozpondek<\/li>\n<li>\u201eSouvenirs aus dem Alltag des alten Stettins&#8220;- Agnieszka Fader<\/li>\n<li>\u201eDie Aussiedlung der deutschen Bev\u00f6lkerung&#8220; &#8211; Agnieszka Fader<\/li>\n<li>\u201eEin sowjetischer Soldat in der polnischen Volksrepublik&#8220; &#8211; Agnieszka Fader und<\/li>\n<li>\u201eFiat 126 P \u2013 Maluch\u201d \u2013 Agnieszka Fader<\/li>\n<li> \u201eKami\u0144ski mit Top Gun\u201d \u2013 Jerzy Rozpondek<\/li>\n<li> \u201eDie ZSMP und die Arbeiterf\u00fchrer in der Volksrepublik Polen&#8220; &#8211; Agnieszka Fader und Marianna M\u0142ynarczyk<\/li>\n<li> \u201eUntergrundliteratur &#8211; polnische und deutsche Beispiele&#8220; &#8211; Agnieszka Fader<\/li>\n<li>\u201eRekonstruktion des Lebens im Luftschutzraum des Zweiten Weltkriegs&#8220; &#8211; Agnieszka und Andrzej Fader<\/li>\n<li> Wandbild \u201eIm M\u00e4nnerraum&#8220; &#8211; Agnieszka Fader und Zoriana Kovalchuk<\/li>\n<li> Wandbild \u201eIm Frauenraum&#8220; &#8211; Agnieszka Fader und Zoriana Kovalchuk<\/li>\n<li>\u201eHinter dem Filmausschnitt&#8220; &#8211; Marcin Bielecki aus dem Set von Die gro\u00dfe Flucht nach Norden<\/li>\n<li> Auf dem Weg der Ausstellungen \u201eZweiter Weltkrieg&#8220; sehen wir Fotos der Schauspieler des Zeitgen\u00f6ssischen Theaters aus dem St\u00fcck Eine kleine. Jarek Romacki<\/li>\n<\/ol>\n<ol start=\"20\">\n<li> \u201eSet aus dem Film Die gro\u00dfe Flucht nach Norden&#8220; &#8211; Agnieszka und Andrzej Fader<\/li>\n<li> \u201eFestungssysteme in Stettin&#8220; &#8211; Ryszard Kotla aus dem Buch Bastionen, Festungen, Bunker<\/li>\n<\/ol>\n<ol start=\"22\">\n<li> \u201eDeportation der polnischen Bev\u00f6lkerung w\u00e4hrend der Besatzung&#8220;- Agnieszka und Andrzej Fader<\/li>\n<li> \u201eWagon&#8220; -Installation &#8211; Zdzis\u0142aw Weso\u0142owski<\/li>\n<li> Installation \u201eWarten im Tunnel&#8220; &#8211; Agnieszka und Andrzej Fader<\/li>\n<li> \u201eAlte Stettiner Fotos mit Beschreibungen&#8220; &#8211; Roman Czejarek<\/li>\n<li> \u201eAuge der Zeit&#8220; &#8211; Andrzej Fader<\/li>\n<li> \u201eAusstellung \u00fcber polnische Zwangsarbeiter&#8220; &#8211; Polnisch-Deutsche Verst\u00e4ndigungsstiftung<\/li>\n<\/ol>\n<ol start=\"28\">\n<li> \u201ePolnische Zwangsarbeiter&#8220; &#8211; Agnieszka Fader<\/li>\n<li> 3D-Wandbild \u201eBombardiertes Szczecin&#8220; &#8211; Mr. Max<\/li>\n<li> \u201eTafel der Zerst\u00f6rung&#8220; &#8211; Agnieszka Fader und Andrzej Fader<\/li>\n<li> \u201e Matrix im Luftschutzraum&#8220; &#8211; Agnieszka und Andrzej Fader<\/li>\n<\/ol>\n\t\t\t\t\t\t\t\t<\/div>\n\t\t\t\t<\/div>\n\t\t\t\t<\/div>\n\t\t\t\t\t<\/div>\n\t\t\t\t<\/div>\n\t\t<div class=\"elementor-element elementor-element-3000284 e-flex e-con-boxed e-con e-parent\" data-id=\"3000284\" data-element_type=\"container\" data-e-type=\"container\" data-settings=\"{&quot;background_background&quot;:&quot;classic&quot;}\">\n\t\t\t\t\t<div class=\"e-con-inner\">\n\t\t<div class=\"elementor-element elementor-element-895cdd6 e-con-full e-flex e-con e-child\" data-id=\"895cdd6\" data-element_type=\"container\" data-e-type=\"container\">\n\t\t\t\t<div class=\"elementor-element elementor-element-ceea7ee elementor-widget elementor-widget-text-editor\" data-id=\"ceea7ee\" data-element_type=\"widget\" data-e-type=\"widget\" data-widget_type=\"text-editor.default\">\n\t\t\t\t<div class=\"elementor-widget-container\">\n\t\t\t\t\t\t\t\t\t<ol start=\"32\">\n<li> UV-Installation \u201eKriegsbeute aus Stettin\u201c &#8211; Agnieszka Fader<\/li>\n<li> Gro\u00dfformatige Fotografien \u201eDie gro\u00dfe Flucht nach Norden&#8220; &#8211; Andrzej Fader<\/li>\n<li> \u201eStettin durch die Linse von Krystyna \u0141yczywek&#8220; &#8211; Krystyna \u0141yczywek<\/li>\n<li> \u201eStettin heute&#8220; &#8211; Andrzej Fader<\/li>\n<li> \u201eRepatrianten&#8220; &#8211; Agnieszka und Andrzej Fader<\/li>\n<li> Vorbereitung der Ausstellungen \u201eWiederaufbau eines Bunkers in der Zeit der Polnischen Volksrepublik\u201c auf der Route der Ausstellungen \u201eKalter Krieg&#8220; &#8211; Agnieszka und Andrzej Fader<\/li>\n<li> \u201eBlokowisko&#8220; &#8211; Jan Szewczyk und Ma\u0142gorzata Villemoz<\/li>\n<li> \u201eSolidarno\u015b\u0107 in Stettin&#8220; und \u201eEreignisse im Dezember 70&#8243; &#8211; Agnieszka Fader und Wojtek Wo\u017aniak<\/li>\n<li> \u201eEssensausgabe&#8220; &#8211; Agnieszka Fader<\/li>\n<li> \u201eRyszard Koniecpolskis Wohnung&#8220; &#8211; Agnieszka und Andrzej Fader<\/li>\n<li> Schaufenster \u201eDie Welt der Frauen in der Volksrepublik Polen&#8220; &#8211; Agnieszka Fader<\/li>\n<li> \u201eDie Welt der M\u00e4nner in der Volksrepublik Polen&#8220; &#8211; Agnieszka Fader<\/li>\n<li> \u201eAnti-Volksrepublik Polen&#8220; Wandbild &#8211; Agnieszka Fader<\/li>\n<li> \u201eKorb der Propaganda&#8220; &#8211; Andrzej Fader<\/li>\n<li> Installation \u201eDie gr\u00f6\u00dfte Paprikafischpastetendose &#8211; Sie k\u00f6nnen es tun&#8220; &#8211; Agnieszka und Andrzej Fader<\/li>\n<li> &#8222;Wiskord, die Geschichte des farbigen Bandes&#8220; &#8211; Agnieszka und Andrzej Fader, Ma\u0142gorzata Vuillemoz<\/li>\n<li> Installation \u201eB\u00e4renumarmung&#8220; &#8211; Ma\u0142gorzata Vuillemoz<\/li>\n<li>Polnische Fayence aus W\u0142oc\u0142awek &#8211; Krzysztof Osiecki und Agnieszka Fader<\/li>\n<li>Subkulturen in der Volksrepublik Polen, Jarocin &#8211; Agnieszka Fader und Andrzej Fader<\/li>\n<li>Die Geschichte eines der unerw\u00fcnschten Lieder \u201eDentist-Sadist&#8220; &#8211; Agnieszka Fader und Andrzej Fader<\/li>\n<li>Meinungsfreiheit \/ die Staatsanwaltschaft in der Volksrepublik Polen &#8211; Krzysztof Osiecki, Agnieszka Fader, <\/li>\n<\/ol>\n<p>Ma\u0142gorzata Vuillemoz<\/p>\n<ol start=\"53\">\n<li>Verpflegung &#8211; Reisen in der Volksrepublik Polen Agnieszka Fader<\/li>\n<li>Ausstellung von Postkarten aus der Volksrepublik Polen &#8211; Agnieszka Fader<\/li>\n<li>Sowjetische Garnisonen in Stettin w\u00e4hrend der Volksrepublik Polen &#8211; Agnieszka Fader, Valerija Isichenko<\/li>\n<li>Sozialistischer Realismus &#8211; Beispiele in Stettin aus der Zeit der Volksrepublik Polen -Agnieszka Fader<\/li>\n<li>Polizeirevier mit Verhaftung &#8211; Repressionen gegen Systemgegner &#8211; Agnieszka und Andrzej Fader<\/li>\n<li>\u201eDie Schl\u00fcmpfe\u201c und Gummiente \u201eDonald\u201c &#8211; eine Kindheitserinnerung &#8211; Agnieszka Fader<\/li>\n<li>\u201ePepsi-Cola Production in Stettin&#8220; &#8211; Agnieszka Fader<\/li>\n<li>Ausstellung von Werken von Vova Tsesler, Teil der Ausstellung \u201eHitlerkaputin&#8220;<\/li>\n<li>Ausstellung von Kriegspostkarten aus der Ukraine &#8211; Valerija Isichenko<\/li>\n<li>\u201eGeschichte mit Schokoladen geschriebene\u201d . Ausstellung von Schokoladenverpackungen aus dem Ostblock &#8211; Agnieszka Fader<\/li>\n<\/ol>\n\t\t\t\t\t\t\t\t<\/div>\n\t\t\t\t<\/div>\n\t\t\t\t<\/div>\n\t\t\t\t\t<\/div>\n\t\t\t\t<\/div>\n\t\t\t\t<\/div>\n\t\t","protected":false},"excerpt":{"rendered":"<p>ST\u00c4NDIGE AUSSTELLUNGEN Adresse Kolumba 2, Szczecin 70-035 Polen Hauptbahnhof SZCZECIN G\u0141\u00d3WNY Station, Gleis 1; Eingang durch einen Glasunterstand mit Treppe nach unten. Geldautomaten und Toiletten in der Bahnhofshalle. Anrufen +48 605 433 433 Schreiben info@schron.szczecin.pl \u00d6ffnungszeiten Aktuelle \u00d6ffnungszeiten finden Sie auf Startseite \u00dcber uns im Video Unsere st\u00e4ndigen thematischen Ausstellungen, ihre Autoren und Inhaber der [&hellip;]<\/p>\n","protected":false},"author":2,"featured_media":0,"parent":0,"menu_order":0,"comment_status":"closed","ping_status":"closed","template":"elementor_header_footer","meta":{"footnotes":""},"class_list":["post-1543","page","type-page","status-publish","hentry"],"yoast_head":"<!-- This site is optimized with the Yoast SEO plugin v27.5 - https:\/\/yoast.com\/product\/yoast-seo-wordpress\/ -->\n<title>ST\u00c4NDIGE AUSSTELLUNGEN - Der Unterirdischen Besichtigungsrouten in Stettin - Thematische Ausstellungsgalerie<\/title>\n<meta name=\"robots\" content=\"index, follow, max-snippet:-1, max-image-preview:large, max-video-preview:-1\" \/>\n<link rel=\"canonical\" href=\"https:\/\/schron.szczecin.pl\/de\/staendige-ausstellungen\/\" \/>\n<meta property=\"og:locale\" content=\"de_DE\" \/>\n<meta property=\"og:type\" content=\"article\" \/>\n<meta property=\"og:title\" content=\"ST\u00c4NDIGE AUSSTELLUNGEN - Der Unterirdischen Besichtigungsrouten in Stettin - Thematische Ausstellungsgalerie\" \/>\n<meta property=\"og:description\" content=\"ST\u00c4NDIGE AUSSTELLUNGEN Adresse Kolumba 2, Szczecin 70-035 Polen Hauptbahnhof SZCZECIN G\u0141\u00d3WNY Station, Gleis 1; Eingang durch einen Glasunterstand mit Treppe nach unten. Geldautomaten und Toiletten in der Bahnhofshalle. Anrufen +48 605 433 433 Schreiben info@schron.szczecin.pl \u00d6ffnungszeiten Aktuelle \u00d6ffnungszeiten finden Sie auf Startseite \u00dcber uns im Video Unsere st\u00e4ndigen thematischen Ausstellungen, ihre Autoren und Inhaber der [&hellip;]\" \/>\n<meta property=\"og:url\" content=\"https:\/\/schron.szczecin.pl\/de\/staendige-ausstellungen\/\" \/>\n<meta property=\"og:site_name\" content=\"Der Unterirdischen Besichtigungsrouten in Stettin - Thematische Ausstellungsgalerie\" \/>\n<meta property=\"article:modified_time\" content=\"2026-01-28T14:51:36+00:00\" \/>\n<meta name=\"twitter:card\" content=\"summary_large_image\" \/>\n<meta name=\"twitter:label1\" content=\"Gesch\u00e4tzte Lesezeit\" \/>\n\t<meta name=\"twitter:data1\" content=\"4\u00a0Minuten\" \/>\n<script type=\"application\/ld+json\" class=\"yoast-schema-graph\">{\"@context\":\"https:\\\/\\\/schema.org\",\"@graph\":[{\"@type\":\"WebPage\",\"@id\":\"https:\\\/\\\/schron.szczecin.pl\\\/de\\\/staendige-ausstellungen\\\/\",\"url\":\"https:\\\/\\\/schron.szczecin.pl\\\/de\\\/staendige-ausstellungen\\\/\",\"name\":\"ST\u00c4NDIGE AUSSTELLUNGEN - Der Unterirdischen Besichtigungsrouten in Stettin - Thematische Ausstellungsgalerie\",\"isPartOf\":{\"@id\":\"https:\\\/\\\/schron.szczecin.pl\\\/#website\"},\"datePublished\":\"2023-02-06T13:29:09+00:00\",\"dateModified\":\"2026-01-28T14:51:36+00:00\",\"inLanguage\":\"de\",\"potentialAction\":[{\"@type\":\"ReadAction\",\"target\":[\"https:\\\/\\\/schron.szczecin.pl\\\/de\\\/staendige-ausstellungen\\\/\"]}]},{\"@type\":\"WebSite\",\"@id\":\"https:\\\/\\\/schron.szczecin.pl\\\/#website\",\"url\":\"https:\\\/\\\/schron.szczecin.pl\\\/\",\"name\":\"Der Unterirdischen Besichtigungsrouten in Stettin - Thematische Ausstellungsgalerie\",\"description\":\"Beschreibend auf Deutsch mehr als 60 Ausstellungen f\u00fcr Erwachsene und Kinder. Eine Eintrittskarte erm\u00f6glicht die individuelle Besichtigung von drei verschiedenen Routen, mit Licht, Ton, Filmen und einzigartigen Exponaten. Eingang am Bahnsteig 1.\",\"potentialAction\":[{\"@type\":\"SearchAction\",\"target\":{\"@type\":\"EntryPoint\",\"urlTemplate\":\"https:\\\/\\\/schron.szczecin.pl\\\/?s={search_term_string}\"},\"query-input\":{\"@type\":\"PropertyValueSpecification\",\"valueRequired\":true,\"valueName\":\"search_term_string\"}}],\"inLanguage\":\"de\"}]}<\/script>\n<!-- \/ Yoast SEO plugin. -->","yoast_head_json":{"title":"ST\u00c4NDIGE AUSSTELLUNGEN - Der Unterirdischen Besichtigungsrouten in Stettin - Thematische Ausstellungsgalerie","robots":{"index":"index","follow":"follow","max-snippet":"max-snippet:-1","max-image-preview":"max-image-preview:large","max-video-preview":"max-video-preview:-1"},"canonical":"https:\/\/schron.szczecin.pl\/de\/staendige-ausstellungen\/","og_locale":"de_DE","og_type":"article","og_title":"ST\u00c4NDIGE AUSSTELLUNGEN - Der Unterirdischen Besichtigungsrouten in Stettin - Thematische Ausstellungsgalerie","og_description":"ST\u00c4NDIGE AUSSTELLUNGEN Adresse Kolumba 2, Szczecin 70-035 Polen Hauptbahnhof SZCZECIN G\u0141\u00d3WNY Station, Gleis 1; Eingang durch einen Glasunterstand mit Treppe nach unten. Geldautomaten und Toiletten in der Bahnhofshalle. Anrufen +48 605 433 433 Schreiben info@schron.szczecin.pl \u00d6ffnungszeiten Aktuelle \u00d6ffnungszeiten finden Sie auf Startseite \u00dcber uns im Video Unsere st\u00e4ndigen thematischen Ausstellungen, ihre Autoren und Inhaber der [&hellip;]","og_url":"https:\/\/schron.szczecin.pl\/de\/staendige-ausstellungen\/","og_site_name":"Der Unterirdischen Besichtigungsrouten in Stettin - Thematische Ausstellungsgalerie","article_modified_time":"2026-01-28T14:51:36+00:00","twitter_card":"summary_large_image","twitter_misc":{"Gesch\u00e4tzte Lesezeit":"4\u00a0Minuten"},"schema":{"@context":"https:\/\/schema.org","@graph":[{"@type":"WebPage","@id":"https:\/\/schron.szczecin.pl\/de\/staendige-ausstellungen\/","url":"https:\/\/schron.szczecin.pl\/de\/staendige-ausstellungen\/","name":"ST\u00c4NDIGE AUSSTELLUNGEN - Der Unterirdischen Besichtigungsrouten in Stettin - Thematische Ausstellungsgalerie","isPartOf":{"@id":"https:\/\/schron.szczecin.pl\/#website"},"datePublished":"2023-02-06T13:29:09+00:00","dateModified":"2026-01-28T14:51:36+00:00","inLanguage":"de","potentialAction":[{"@type":"ReadAction","target":["https:\/\/schron.szczecin.pl\/de\/staendige-ausstellungen\/"]}]},{"@type":"WebSite","@id":"https:\/\/schron.szczecin.pl\/#website","url":"https:\/\/schron.szczecin.pl\/","name":"Der Unterirdischen Besichtigungsrouten in Stettin - Thematische Ausstellungsgalerie","description":"Beschreibend auf Deutsch mehr als 60 Ausstellungen f\u00fcr Erwachsene und Kinder. Eine Eintrittskarte erm\u00f6glicht die individuelle Besichtigung von drei verschiedenen Routen, mit Licht, Ton, Filmen und einzigartigen Exponaten. Eingang am Bahnsteig 1.","potentialAction":[{"@type":"SearchAction","target":{"@type":"EntryPoint","urlTemplate":"https:\/\/schron.szczecin.pl\/?s={search_term_string}"},"query-input":{"@type":"PropertyValueSpecification","valueRequired":true,"valueName":"search_term_string"}}],"inLanguage":"de"}]}},"_links":{"self":[{"href":"https:\/\/schron.szczecin.pl\/de\/wp-json\/wp\/v2\/pages\/1543","targetHints":{"allow":["GET"]}}],"collection":[{"href":"https:\/\/schron.szczecin.pl\/de\/wp-json\/wp\/v2\/pages"}],"about":[{"href":"https:\/\/schron.szczecin.pl\/de\/wp-json\/wp\/v2\/types\/page"}],"author":[{"embeddable":true,"href":"https:\/\/schron.szczecin.pl\/de\/wp-json\/wp\/v2\/users\/2"}],"replies":[{"embeddable":true,"href":"https:\/\/schron.szczecin.pl\/de\/wp-json\/wp\/v2\/comments?post=1543"}],"version-history":[{"count":22,"href":"https:\/\/schron.szczecin.pl\/de\/wp-json\/wp\/v2\/pages\/1543\/revisions"}],"predecessor-version":[{"id":9922,"href":"https:\/\/schron.szczecin.pl\/de\/wp-json\/wp\/v2\/pages\/1543\/revisions\/9922"}],"wp:attachment":[{"href":"https:\/\/schron.szczecin.pl\/de\/wp-json\/wp\/v2\/media?parent=1543"}],"curies":[{"name":"wp","href":"https:\/\/api.w.org\/{rel}","templated":true}]}}